{"id":100,"date":"2024-06-11T08:29:17","date_gmt":"2024-06-11T08:29:17","guid":{"rendered":"https:\/\/xn--mhle-ramiswil-wob.ch\/cms\/?page_id=100"},"modified":"2024-09-23T13:51:45","modified_gmt":"2024-09-23T13:51:45","slug":"mieten","status":"publish","type":"page","link":"https:\/\/xn--mhle-ramiswil-wob.ch\/cms\/?page_id=100","title":{"rendered":"Mieten"},"content":{"rendered":"\t\t<div data-elementor-type=\"wp-page\" data-elementor-id=\"100\" class=\"elementor elementor-100\">\n\t\t\t\t<div class=\"elementor-element elementor-element-fedaf1d e-con-full e-flex e-con e-parent\" data-id=\"fedaf1d\" data-element_type=\"container\">\n\t\t\t\t<div class=\"elementor-element elementor-element-c76c73e elementor-widget elementor-widget-image\" data-id=\"c76c73e\" data-element_type=\"widget\" data-widget_type=\"image.default\">\n\t\t\t\t<div class=\"elementor-widget-container\">\n\t\t\t\t\t\t\t\t\t\t\t\t\t\t\t<img fetchpriority=\"high\" decoding=\"async\" width=\"480\" height=\"320\" src=\"https:\/\/xn--mhle-ramiswil-wob.ch\/cms\/wp-content\/uploads\/2024\/06\/12160106-2022-024026-d3d94.jpg\" class=\"attachment-medium_large size-medium_large wp-image-103\" alt=\"\" srcset=\"https:\/\/xn--mhle-ramiswil-wob.ch\/cms\/wp-content\/uploads\/2024\/06\/12160106-2022-024026-d3d94.jpg 480w, https:\/\/xn--mhle-ramiswil-wob.ch\/cms\/wp-content\/uploads\/2024\/06\/12160106-2022-024026-d3d94-300x200.jpg 300w\" sizes=\"(max-width: 480px) 100vw, 480px\" \/>\t\t\t\t\t\t\t\t\t\t\t\t\t\t\t<\/div>\n\t\t\t\t<\/div>\n\t\t\t\t<\/div>\n\t\t<div class=\"elementor-element elementor-element-20d04a4 e-flex e-con-boxed e-con e-parent\" data-id=\"20d04a4\" data-element_type=\"container\">\n\t\t\t\t\t<div class=\"e-con-inner\">\n\t\t\t\t<div class=\"elementor-element elementor-element-722ca5d elementor-widget elementor-widget-heading\" data-id=\"722ca5d\" data-element_type=\"widget\" data-widget_type=\"heading.default\">\n\t\t\t\t<div class=\"elementor-widget-container\">\n\t\t\t\t\t<h2 class=\"elementor-heading-title elementor-size-default\">R\u00c4UMLICHKEITEN<\/h2>\t\t\t\t<\/div>\n\t\t\t\t<\/div>\n\t\t\t\t\t<\/div>\n\t\t\t\t<\/div>\n\t\t<div class=\"elementor-element elementor-element-30bdde9 e-flex e-con-boxed e-con e-parent\" data-id=\"30bdde9\" data-element_type=\"container\">\n\t\t\t\t\t<div class=\"e-con-inner\">\n\t\t<div class=\"elementor-element elementor-element-b417340 e-con-full e-flex e-con e-child\" data-id=\"b417340\" data-element_type=\"container\">\n\t\t\t\t<div class=\"elementor-element elementor-element-4f8c546 elementor-widget elementor-widget-image\" data-id=\"4f8c546\" data-element_type=\"widget\" data-widget_type=\"image.default\">\n\t\t\t\t<div class=\"elementor-widget-container\">\n\t\t\t\t\t\t\t\t\t\t\t\t\t\t\t<img decoding=\"async\" width=\"640\" height=\"480\" src=\"https:\/\/xn--mhle-ramiswil-wob.ch\/cms\/wp-content\/uploads\/2024\/09\/Stube.jpg\" class=\"attachment-large size-large wp-image-270\" alt=\"\" srcset=\"https:\/\/xn--mhle-ramiswil-wob.ch\/cms\/wp-content\/uploads\/2024\/09\/Stube.jpg 640w, https:\/\/xn--mhle-ramiswil-wob.ch\/cms\/wp-content\/uploads\/2024\/09\/Stube-300x225.jpg 300w\" sizes=\"(max-width: 640px) 100vw, 640px\" \/>\t\t\t\t\t\t\t\t\t\t\t\t\t\t\t<\/div>\n\t\t\t\t<\/div>\n\t\t\t\t<div class=\"elementor-element elementor-element-abacdd2 elementor-widget elementor-widget-image\" data-id=\"abacdd2\" data-element_type=\"widget\" data-widget_type=\"image.default\">\n\t\t\t\t<div class=\"elementor-widget-container\">\n\t\t\t\t\t\t\t\t\t\t\t\t<figure class=\"wp-caption\">\n\t\t\t\t\t\t\t\t\t\t<img decoding=\"async\" width=\"480\" height=\"320\" src=\"https:\/\/xn--mhle-ramiswil-wob.ch\/cms\/wp-content\/uploads\/2024\/06\/12160136-2022-024022-6512b.jpg\" class=\"attachment-large size-large wp-image-104\" alt=\"\" srcset=\"https:\/\/xn--mhle-ramiswil-wob.ch\/cms\/wp-content\/uploads\/2024\/06\/12160136-2022-024022-6512b.jpg 480w, https:\/\/xn--mhle-ramiswil-wob.ch\/cms\/wp-content\/uploads\/2024\/06\/12160136-2022-024022-6512b-300x200.jpg 300w\" sizes=\"(max-width: 480px) 100vw, 480px\" \/>\t\t\t\t\t\t\t\t\t\t\t<figcaption class=\"widget-image-caption wp-caption-text\">M\u00fchlestube<\/figcaption>\n\t\t\t\t\t\t\t\t\t\t<\/figure>\n\t\t\t\t\t\t\t\t\t<\/div>\n\t\t\t\t<\/div>\n\t\t\t\t<\/div>\n\t\t<div class=\"elementor-element elementor-element-12666d1 e-con-full e-flex e-con e-child\" data-id=\"12666d1\" data-element_type=\"container\">\n\t\t\t\t<div class=\"elementor-element elementor-element-3d310ab elementor-widget elementor-widget-spacer\" data-id=\"3d310ab\" data-element_type=\"widget\" data-widget_type=\"spacer.default\">\n\t\t\t\t<div class=\"elementor-widget-container\">\n\t\t\t\t\t\t\t<div class=\"elementor-spacer\">\n\t\t\t<div class=\"elementor-spacer-inner\"><\/div>\n\t\t<\/div>\n\t\t\t\t\t\t<\/div>\n\t\t\t\t<\/div>\n\t\t\t\t<div class=\"elementor-element elementor-element-cc0b014 elementor-widget elementor-widget-text-editor\" data-id=\"cc0b014\" data-element_type=\"widget\" data-widget_type=\"text-editor.default\">\n\t\t\t\t<div class=\"elementor-widget-container\">\n\t\t\t\t\t\t\t\t\t<p><span style=\"color: #333333;\">Preis CHF 50 \/ f\u00fcr Ortsvereine gratis<\/span><br \/><span style=\"color: #333333;\">Die M\u00fchlestube kann von Firmen oder Vereinen als Sitzungsraum genutzt werden.<\/span><\/p>\t\t\t\t\t\t\t\t<\/div>\n\t\t\t\t<\/div>\n\t\t\t\t<\/div>\n\t\t\t\t\t<\/div>\n\t\t\t\t<\/div>\n\t\t<div class=\"elementor-element elementor-element-bcb0caa e-flex e-con-boxed e-con e-parent\" data-id=\"bcb0caa\" data-element_type=\"container\">\n\t\t\t\t\t<div class=\"e-con-inner\">\n\t\t<div class=\"elementor-element elementor-element-00c23e2 e-con-full e-flex e-con e-child\" data-id=\"00c23e2\" data-element_type=\"container\">\n\t\t\t\t<div class=\"elementor-element elementor-element-007bcc6 elementor-widget elementor-widget-image\" data-id=\"007bcc6\" data-element_type=\"widget\" data-widget_type=\"image.default\">\n\t\t\t\t<div class=\"elementor-widget-container\">\n\t\t\t\t\t\t\t\t\t\t\t\t<figure class=\"wp-caption\">\n\t\t\t\t\t\t\t\t\t\t<img loading=\"lazy\" decoding=\"async\" width=\"480\" height=\"320\" src=\"https:\/\/xn--mhle-ramiswil-wob.ch\/cms\/wp-content\/uploads\/2024\/06\/12160112-2022-024048-8f14e.jpg\" class=\"attachment-large size-large wp-image-105\" alt=\"\" srcset=\"https:\/\/xn--mhle-ramiswil-wob.ch\/cms\/wp-content\/uploads\/2024\/06\/12160112-2022-024048-8f14e.jpg 480w, https:\/\/xn--mhle-ramiswil-wob.ch\/cms\/wp-content\/uploads\/2024\/06\/12160112-2022-024048-8f14e-300x200.jpg 300w\" sizes=\"(max-width: 480px) 100vw, 480px\" \/>\t\t\t\t\t\t\t\t\t\t\t<figcaption class=\"widget-image-caption wp-caption-text\">M\u00fchlekeller<\/figcaption>\n\t\t\t\t\t\t\t\t\t\t<\/figure>\n\t\t\t\t\t\t\t\t\t<\/div>\n\t\t\t\t<\/div>\n\t\t\t\t<\/div>\n\t\t<div class=\"elementor-element elementor-element-0dd132b e-con-full e-flex e-con e-child\" data-id=\"0dd132b\" data-element_type=\"container\">\n\t\t\t\t<div class=\"elementor-element elementor-element-624676f elementor-widget elementor-widget-text-editor\" data-id=\"624676f\" data-element_type=\"widget\" data-widget_type=\"text-editor.default\">\n\t\t\t\t<div class=\"elementor-widget-container\">\n\t\t\t\t\t\t\t\t\t<p><span style=\"color: #333333;\">Preis bis CHF 150<\/span><br \/><span style=\"color: #333333;\">Der M\u00fchlekeller kann das ganze Jahr gemietet werden und bietet Platz f\u00fcr 40 Personen.<\/span><br \/><span style=\"color: #333333;\">Ausserdem ist eine Bar\/B\u00fcffet vorhanden mit K\u00fchlschubladen und einem Geschirrsp\u00fchler.<\/span><\/p>\t\t\t\t\t\t\t\t<\/div>\n\t\t\t\t<\/div>\n\t\t\t\t<\/div>\n\t\t\t\t\t<\/div>\n\t\t\t\t<\/div>\n\t\t<div class=\"elementor-element elementor-element-a6e5315 e-flex e-con-boxed e-con e-parent\" data-id=\"a6e5315\" data-element_type=\"container\">\n\t\t\t\t\t<div class=\"e-con-inner\">\n\t\t<div class=\"elementor-element elementor-element-1c3ba71 e-con-full e-flex e-con e-child\" data-id=\"1c3ba71\" data-element_type=\"container\">\n\t\t\t\t<div class=\"elementor-element elementor-element-a1a7bc6 elementor-widget elementor-widget-image\" data-id=\"a1a7bc6\" data-element_type=\"widget\" data-widget_type=\"image.default\">\n\t\t\t\t<div class=\"elementor-widget-container\">\n\t\t\t\t\t\t\t\t\t\t\t\t<figure class=\"wp-caption\">\n\t\t\t\t\t\t\t\t\t\t<img loading=\"lazy\" decoding=\"async\" width=\"480\" height=\"320\" src=\"https:\/\/xn--mhle-ramiswil-wob.ch\/cms\/wp-content\/uploads\/2024\/06\/12160115-2022-024054-16790.jpg\" class=\"attachment-large size-large wp-image-106\" alt=\"\" srcset=\"https:\/\/xn--mhle-ramiswil-wob.ch\/cms\/wp-content\/uploads\/2024\/06\/12160115-2022-024054-16790.jpg 480w, https:\/\/xn--mhle-ramiswil-wob.ch\/cms\/wp-content\/uploads\/2024\/06\/12160115-2022-024054-16790-300x200.jpg 300w\" sizes=\"(max-width: 480px) 100vw, 480px\" \/>\t\t\t\t\t\t\t\t\t\t\t<figcaption class=\"widget-image-caption wp-caption-text\">Stall<\/figcaption>\n\t\t\t\t\t\t\t\t\t\t<\/figure>\n\t\t\t\t\t\t\t\t\t<\/div>\n\t\t\t\t<\/div>\n\t\t\t\t<\/div>\n\t\t<div class=\"elementor-element elementor-element-b480664 e-con-full e-flex e-con e-child\" data-id=\"b480664\" data-element_type=\"container\">\n\t\t\t\t<div class=\"elementor-element elementor-element-677fa39 elementor-widget elementor-widget-text-editor\" data-id=\"677fa39\" data-element_type=\"widget\" data-widget_type=\"text-editor.default\">\n\t\t\t\t<div class=\"elementor-widget-container\">\n\t\t\t\t\t\t\t\t\t<p><span style=\"color: #333333;\">Preis bis CHF 150<\/span><br \/><span style=\"color: #333333;\">Der Stall kann nur im Sommer gemietet werden, er bietet Platzt f\u00fcr 38 Personen.<\/span><br \/><span style=\"color: #333333;\">Er verf\u00fcgt \u00fcber keine Heizm\u00f6glichkeit.<\/span><\/p>\t\t\t\t\t\t\t\t<\/div>\n\t\t\t\t<\/div>\n\t\t\t\t<\/div>\n\t\t\t\t\t<\/div>\n\t\t\t\t<\/div>\n\t\t<div class=\"elementor-element elementor-element-b70d1c9 e-flex e-con-boxed e-con e-parent\" data-id=\"b70d1c9\" data-element_type=\"container\">\n\t\t\t\t\t<div class=\"e-con-inner\">\n\t\t<div class=\"elementor-element elementor-element-8722299 e-con-full e-flex e-con e-child\" data-id=\"8722299\" data-element_type=\"container\">\n\t\t\t\t<div class=\"elementor-element elementor-element-85e23fc elementor-widget elementor-widget-image\" data-id=\"85e23fc\" data-element_type=\"widget\" data-widget_type=\"image.default\">\n\t\t\t\t<div class=\"elementor-widget-container\">\n\t\t\t\t\t\t\t\t\t\t\t\t<figure class=\"wp-caption\">\n\t\t\t\t\t\t\t\t\t\t<img loading=\"lazy\" decoding=\"async\" width=\"480\" height=\"320\" src=\"https:\/\/xn--mhle-ramiswil-wob.ch\/cms\/wp-content\/uploads\/2024\/06\/12160118-2022-024050-c20ad.jpg\" class=\"attachment-large size-large wp-image-107\" alt=\"\" srcset=\"https:\/\/xn--mhle-ramiswil-wob.ch\/cms\/wp-content\/uploads\/2024\/06\/12160118-2022-024050-c20ad.jpg 480w, https:\/\/xn--mhle-ramiswil-wob.ch\/cms\/wp-content\/uploads\/2024\/06\/12160118-2022-024050-c20ad-300x200.jpg 300w\" sizes=\"(max-width: 480px) 100vw, 480px\" \/>\t\t\t\t\t\t\t\t\t\t\t<figcaption class=\"widget-image-caption wp-caption-text\">Scheune<\/figcaption>\n\t\t\t\t\t\t\t\t\t\t<\/figure>\n\t\t\t\t\t\t\t\t\t<\/div>\n\t\t\t\t<\/div>\n\t\t\t\t<\/div>\n\t\t<div class=\"elementor-element elementor-element-2821a40 e-con-full e-flex e-con e-child\" data-id=\"2821a40\" data-element_type=\"container\">\n\t\t\t\t<div class=\"elementor-element elementor-element-4f0fa1d elementor-widget elementor-widget-text-editor\" data-id=\"4f0fa1d\" data-element_type=\"widget\" data-widget_type=\"text-editor.default\">\n\t\t\t\t<div class=\"elementor-widget-container\">\n\t\t\t\t\t\t\t\t\t<p><span style=\"color: #333333;\">Preis CHF 300<\/span><br \/><span style=\"color: #333333;\">Die Scheune kann nur im Sommer gemietet werden und bietet Platz f\u00fcr 120 Personen.<\/span><br \/><span style=\"color: #333333;\">Die Scheune ist mit Infrarotstrahlern ausgestattet, so kann sie auch an etwas k\u00fchleren Sommertagen genutzt werden.<\/span><\/p>\t\t\t\t\t\t\t\t<\/div>\n\t\t\t\t<\/div>\n\t\t\t\t<\/div>\n\t\t\t\t\t<\/div>\n\t\t\t\t<\/div>\n\t\t<div class=\"elementor-element elementor-element-fe67f05 e-flex e-con-boxed e-con e-parent\" data-id=\"fe67f05\" data-element_type=\"container\">\n\t\t\t\t\t<div class=\"e-con-inner\">\n\t\t<div class=\"elementor-element elementor-element-9f5cc66 e-con-full e-flex e-con e-child\" data-id=\"9f5cc66\" data-element_type=\"container\">\n\t\t\t\t<div class=\"elementor-element elementor-element-318cfab elementor-widget elementor-widget-image\" data-id=\"318cfab\" data-element_type=\"widget\" data-widget_type=\"image.default\">\n\t\t\t\t<div class=\"elementor-widget-container\">\n\t\t\t\t\t\t\t\t\t\t\t\t<figure class=\"wp-caption\">\n\t\t\t\t\t\t\t\t\t\t<img loading=\"lazy\" decoding=\"async\" width=\"740\" height=\"417\" src=\"https:\/\/xn--mhle-ramiswil-wob.ch\/cms\/wp-content\/uploads\/2024\/06\/12160148-Muehle_aussen-9bf31.jpg\" class=\"attachment-large size-large wp-image-108\" alt=\"\" srcset=\"https:\/\/xn--mhle-ramiswil-wob.ch\/cms\/wp-content\/uploads\/2024\/06\/12160148-Muehle_aussen-9bf31.jpg 740w, https:\/\/xn--mhle-ramiswil-wob.ch\/cms\/wp-content\/uploads\/2024\/06\/12160148-Muehle_aussen-9bf31-300x169.jpg 300w\" sizes=\"(max-width: 740px) 100vw, 740px\" \/>\t\t\t\t\t\t\t\t\t\t\t<figcaption class=\"widget-image-caption wp-caption-text\">Aussenbereich<\/figcaption>\n\t\t\t\t\t\t\t\t\t\t<\/figure>\n\t\t\t\t\t\t\t\t\t<\/div>\n\t\t\t\t<\/div>\n\t\t\t\t<\/div>\n\t\t<div class=\"elementor-element elementor-element-f50f55f e-con-full e-flex e-con e-child\" data-id=\"f50f55f\" data-element_type=\"container\">\n\t\t\t\t<div class=\"elementor-element elementor-element-7b1e49e elementor-widget elementor-widget-text-editor\" data-id=\"7b1e49e\" data-element_type=\"widget\" data-widget_type=\"text-editor.default\">\n\t\t\t\t<div class=\"elementor-widget-container\">\n\t\t\t\t\t\t\t\t\t<p><span style=\"color: #333333;\">Preis bis CHF 150<\/span><br \/><span style=\"color: #333333;\">Der Aussenbereich ist besonders im Sommer sehr beliebt f\u00fcr Aperos.<\/span><\/p>\t\t\t\t\t\t\t\t<\/div>\n\t\t\t\t<\/div>\n\t\t\t\t<\/div>\n\t\t\t\t\t<\/div>\n\t\t\t\t<\/div>\n\t\t<div class=\"elementor-element elementor-element-0921d27 e-flex e-con-boxed e-con e-parent\" data-id=\"0921d27\" data-element_type=\"container\">\n\t\t\t\t\t<div class=\"e-con-inner\">\n\t\t<div class=\"elementor-element elementor-element-d170eb3 e-con-full e-flex e-con e-child\" data-id=\"d170eb3\" data-element_type=\"container\">\n\t\t\t\t<div class=\"elementor-element elementor-element-09a795d elementor-widget elementor-widget-image\" data-id=\"09a795d\" data-element_type=\"widget\" data-widget_type=\"image.default\">\n\t\t\t\t<div class=\"elementor-widget-container\">\n\t\t\t\t\t\t\t\t\t\t\t\t<figure class=\"wp-caption\">\n\t\t\t\t\t\t\t\t\t\t<img loading=\"lazy\" decoding=\"async\" width=\"480\" height=\"320\" src=\"https:\/\/xn--mhle-ramiswil-wob.ch\/cms\/wp-content\/uploads\/2024\/06\/12160172-2022-024004-c20ad.jpg\" class=\"attachment-large size-large wp-image-109\" alt=\"\" srcset=\"https:\/\/xn--mhle-ramiswil-wob.ch\/cms\/wp-content\/uploads\/2024\/06\/12160172-2022-024004-c20ad.jpg 480w, https:\/\/xn--mhle-ramiswil-wob.ch\/cms\/wp-content\/uploads\/2024\/06\/12160172-2022-024004-c20ad-300x200.jpg 300w\" sizes=\"(max-width: 480px) 100vw, 480px\" \/>\t\t\t\t\t\t\t\t\t\t\t<figcaption class=\"widget-image-caption wp-caption-text\">Grillstelle<\/figcaption>\n\t\t\t\t\t\t\t\t\t\t<\/figure>\n\t\t\t\t\t\t\t\t\t<\/div>\n\t\t\t\t<\/div>\n\t\t\t\t<\/div>\n\t\t<div class=\"elementor-element elementor-element-8cc451c e-con-full e-flex e-con e-child\" data-id=\"8cc451c\" data-element_type=\"container\">\n\t\t\t\t<div class=\"elementor-element elementor-element-7eba0a4 elementor-widget elementor-widget-text-editor\" data-id=\"7eba0a4\" data-element_type=\"widget\" data-widget_type=\"text-editor.default\">\n\t\t\t\t<div class=\"elementor-widget-container\">\n\t\t\t\t\t\t\t\t\t<p><span style=\"color: #333333;\">Wenn gerade kein Anlass in der M\u00fchle stattfindet ist auch eine Grillstelle mit Rost vorhanden die gratis genutzt werden kann. Holz ist vorhanden.<\/span><br \/><span style=\"color: #333333;\">Mietanfragen laufen \u00fcber die Einwohnergemeinde M\u00fcmliswil-Ramiswil<\/span><br \/><span style=\"color: #333333;\">Wir werden uns sobald als m\u00f6glich bei ihnen melden und ihre Anfrage bearbeiten.<\/span><\/p>\t\t\t\t\t\t\t\t<\/div>\n\t\t\t\t<\/div>\n\t\t\t\t<\/div>\n\t\t\t\t\t<\/div>\n\t\t\t\t<\/div>\n\t\t<div class=\"elementor-element elementor-element-0eec295 e-flex e-con-boxed e-con e-parent\" data-id=\"0eec295\" data-element_type=\"container\">\n\t\t\t\t\t<div class=\"e-con-inner\">\n\t\t\t\t<div class=\"elementor-element elementor-element-5b8f25b elementor-widget elementor-widget-text-editor\" data-id=\"5b8f25b\" data-element_type=\"widget\" data-widget_type=\"text-editor.default\">\n\t\t\t\t<div class=\"elementor-widget-container\">\n\t\t\t\t\t\t\t\t\t<p><span style=\"color: #333333;\">Mietanfragen laufen \u00fcber die Einwohnergemeinde M\u00fcmliswil-Ramiswil per Telefon unter 062 386 70 50 oder per Kontaktformular.<\/span><br \/><span style=\"color: #333333;\">Es wird sich bald m\u00f6glichst jemand melden und die Anfrage best\u00e4tigen.<\/span><\/p><p><span style=\"color: #000000;\">Bitte f\u00fcllen Sie alle Felder aus vor dem Absenden.<\/span><\/p>\t\t\t\t\t\t\t\t<\/div>\n\t\t\t\t<\/div>\n\t\t\t\t<div class=\"elementor-element elementor-element-cb1afe8 elementor-widget elementor-widget-shortcode\" data-id=\"cb1afe8\" data-element_type=\"widget\" data-widget_type=\"shortcode.default\">\n\t\t\t\t<div class=\"elementor-widget-container\">\n\t\t\t\t\t\t\t<div class=\"elementor-shortcode\">\n<div class=\"wpcf7 no-js\" id=\"wpcf7-f221-o1\" lang=\"de-CH\" dir=\"ltr\" data-wpcf7-id=\"221\">\n<div class=\"screen-reader-response\"><p role=\"status\" aria-live=\"polite\" aria-atomic=\"true\"><\/p> <ul><\/ul><\/div>\n<form action=\"\/cms\/index.php?rest_route=%2Fwp%2Fv2%2Fpages%2F100#wpcf7-f221-o1\" method=\"post\" class=\"wpcf7-form init\" aria-label=\"Contact form\" novalidate=\"novalidate\" data-status=\"init\">\n<fieldset class=\"hidden-fields-container\"><input type=\"hidden\" name=\"_wpcf7\" value=\"221\" \/><input type=\"hidden\" name=\"_wpcf7_version\" value=\"6.1.2\" \/><input type=\"hidden\" name=\"_wpcf7_locale\" value=\"de_CH\" \/><input type=\"hidden\" name=\"_wpcf7_unit_tag\" value=\"wpcf7-f221-o1\" \/><input type=\"hidden\" name=\"_wpcf7_container_post\" value=\"0\" \/><input type=\"hidden\" name=\"_wpcf7_posted_data_hash\" value=\"\" \/>\n<\/fieldset>\n<style>\n .half-width {\n display: inline-block;\n width: 48%;\n margin-right: 1%;\n }\n<\/style>\n<p><label>Vorname*<\/label><br \/>\n<span class=\"wpcf7-form-control-wrap\" data-name=\"vorname\"><input size=\"40\" maxlength=\"400\" class=\"wpcf7-form-control wpcf7-text wpcf7-validates-as-required half-width\" aria-required=\"true\" aria-invalid=\"false\" value=\"\" type=\"text\" name=\"vorname\" \/><\/span>\n<\/p>\n<p><label>Nachname*<\/label><br \/>\n<span class=\"wpcf7-form-control-wrap\" data-name=\"nachname\"><input size=\"40\" maxlength=\"400\" class=\"wpcf7-form-control wpcf7-text wpcf7-validates-as-required half-width\" aria-required=\"true\" aria-invalid=\"false\" value=\"\" type=\"text\" name=\"nachname\" \/><\/span>\n<\/p>\n<p><label>Telefonnummer*<\/label><br \/>\n<span class=\"wpcf7-form-control-wrap\" data-name=\"telefonnummer\"><input size=\"40\" maxlength=\"400\" class=\"wpcf7-form-control wpcf7-tel wpcf7-validates-as-required wpcf7-text wpcf7-validates-as-tel half-width\" aria-required=\"true\" aria-invalid=\"false\" value=\"\" type=\"tel\" name=\"telefonnummer\" \/><\/span>\n<\/p>\n<p><label>Email*<\/label><br \/>\n<span class=\"wpcf7-form-control-wrap\" data-name=\"email\"><input size=\"40\" maxlength=\"400\" class=\"wpcf7-form-control wpcf7-email wpcf7-validates-as-required wpcf7-text wpcf7-validates-as-email half-width\" aria-required=\"true\" aria-invalid=\"false\" value=\"\" type=\"email\" name=\"email\" \/><\/span>\n<\/p>\n<p><label>Strasse*<\/label><br \/>\n<span class=\"wpcf7-form-control-wrap\" data-name=\"strasse\"><input size=\"40\" maxlength=\"400\" class=\"wpcf7-form-control wpcf7-text half-width\" aria-invalid=\"false\" value=\"\" type=\"text\" name=\"strasse\" \/><\/span>\n<\/p>\n<p><label>PLZ*<\/label><br \/>\n<span class=\"wpcf7-form-control-wrap\" data-name=\"plz\"><input size=\"40\" maxlength=\"400\" class=\"wpcf7-form-control wpcf7-tel wpcf7-text wpcf7-validates-as-tel half-width\" aria-invalid=\"false\" value=\"\" type=\"tel\" name=\"plz\" \/><\/span>\n<\/p>\n<p><label>Ort*<\/label><br \/>\n<span class=\"wpcf7-form-control-wrap\" data-name=\"ort\"><input size=\"40\" maxlength=\"400\" class=\"wpcf7-form-control wpcf7-text half-width\" aria-invalid=\"false\" value=\"\" type=\"text\" name=\"ort\" \/><\/span>\n<\/p>\n<p><label>Mietdatum*<\/label><br \/>\n<span class=\"wpcf7-form-control-wrap\" data-name=\"mietdatum\"><input class=\"wpcf7-form-control wpcf7-date wpcf7-validates-as-date half-width\" aria-invalid=\"false\" value=\"\" type=\"date\" name=\"mietdatum\" \/><\/span>\n<\/p>\n<p><label>R\u00e4umlichkeit*<\/label>\n<\/p>\n<p><span class=\"wpcf7-form-control-wrap\" data-name=\"mietraum\"><span class=\"wpcf7-form-control wpcf7-checkbox\"><span class=\"wpcf7-list-item first\"><label><input type=\"checkbox\" name=\"mietraum[]\" value=\"M\u00fchlestube (nur Sitzungen)\" \/><span class=\"wpcf7-list-item-label\">M\u00fchlestube (nur Sitzungen)<\/span><\/label><\/span><span class=\"wpcf7-list-item\"><label><input type=\"checkbox\" name=\"mietraum[]\" value=\"M\u00fchlekeller (40 Personen)\" \/><span class=\"wpcf7-list-item-label\">M\u00fchlekeller (40 Personen)<\/span><\/label><\/span><span class=\"wpcf7-list-item\"><label><input type=\"checkbox\" name=\"mietraum[]\" value=\"Scheune (120 Personen)\" \/><span class=\"wpcf7-list-item-label\">Scheune (120 Personen)<\/span><\/label><\/span><span class=\"wpcf7-list-item\"><label><input type=\"checkbox\" name=\"mietraum[]\" value=\"Stall (40 Personen)\" \/><span class=\"wpcf7-list-item-label\">Stall (40 Personen)<\/span><\/label><\/span><span class=\"wpcf7-list-item last\"><label><input type=\"checkbox\" name=\"mietraum[]\" value=\"Aussenbereich\" \/><span class=\"wpcf7-list-item-label\">Aussenbereich<\/span><\/label><\/span><\/span><\/span>\n<\/p>\n<p><input class=\"wpcf7-form-control wpcf7-submit has-spinner\" type=\"submit\" value=\"Absenden\" \/>\n<\/p><div class=\"wpcf7-response-output\" aria-hidden=\"true\"><\/div>\n<\/form>\n<\/div>\n<\/div>\n\t\t\t\t\t\t<\/div>\n\t\t\t\t<\/div>\n\t\t\t\t\t<\/div>\n\t\t\t\t<\/div>\n\t\t\t\t<\/div>\n\t\t","protected":false},"excerpt":{"rendered":"<p>R\u00c4UMLICHKEITEN M\u00fchlestube Preis CHF 50 \/ f\u00fcr Ortsvereine gratisDie M\u00fchlestube kann von Firmen oder Vereinen als Sitzungsraum genutzt werden. M\u00fchlekeller Preis bis CHF 150Der M\u00fchlekeller kann das ganze Jahr gemietet werden und bietet Platz f\u00fcr 40 Personen.Ausserdem ist eine Bar\/B\u00fcffet vorhanden mit K\u00fchlschubladen und einem Geschirrsp\u00fchler. Stall Preis bis CHF 150Der Stall kann nur im&hellip;&nbsp;<a href=\"https:\/\/xn--mhle-ramiswil-wob.ch\/cms\/?page_id=100\" rel=\"bookmark\">Weiterlesen &raquo;<span class=\"screen-reader-text\">Mieten<\/span><\/a><\/p>\n","protected":false},"author":1,"featured_media":0,"parent":0,"menu_order":0,"comment_status":"closed","ping_status":"closed","template":"page-templates\/template-pagebuilder-full-width.php","meta":{"neve_meta_sidebar":"","neve_meta_container":"","neve_meta_enable_content_width":"","neve_meta_content_width":0,"neve_meta_title_alignment":"","neve_meta_author_avatar":"","neve_post_elements_order":"","neve_meta_disable_header":"","neve_meta_disable_footer":"","neve_meta_disable_title":"","footnotes":""},"class_list":["post-100","page","type-page","status-publish","hentry"],"_links":{"self":[{"href":"https:\/\/xn--mhle-ramiswil-wob.ch\/cms\/index.php?rest_route=\/wp\/v2\/pages\/100","targetHints":{"allow":["GET"]}}],"collection":[{"href":"https:\/\/xn--mhle-ramiswil-wob.ch\/cms\/index.php?rest_route=\/wp\/v2\/pages"}],"about":[{"href":"https:\/\/xn--mhle-ramiswil-wob.ch\/cms\/index.php?rest_route=\/wp\/v2\/types\/page"}],"author":[{"embeddable":true,"href":"https:\/\/xn--mhle-ramiswil-wob.ch\/cms\/index.php?rest_route=\/wp\/v2\/users\/1"}],"replies":[{"embeddable":true,"href":"https:\/\/xn--mhle-ramiswil-wob.ch\/cms\/index.php?rest_route=%2Fwp%2Fv2%2Fcomments&post=100"}],"version-history":[{"count":25,"href":"https:\/\/xn--mhle-ramiswil-wob.ch\/cms\/index.php?rest_route=\/wp\/v2\/pages\/100\/revisions"}],"predecessor-version":[{"id":317,"href":"https:\/\/xn--mhle-ramiswil-wob.ch\/cms\/index.php?rest_route=\/wp\/v2\/pages\/100\/revisions\/317"}],"wp:attachment":[{"href":"https:\/\/xn--mhle-ramiswil-wob.ch\/cms\/index.php?rest_route=%2Fwp%2Fv2%2Fmedia&parent=100"}],"curies":[{"name":"wp","href":"https:\/\/api.w.org\/{rel}","templated":true}]}}